{"id":134,"date":"2014-09-04T12:45:46","date_gmt":"2014-09-04T10:45:46","guid":{"rendered":"http:\/\/localhost\/wordpress1\/?page_id=134"},"modified":"2025-12-04T15:24:39","modified_gmt":"2025-12-04T13:24:39","slug":"kolektiv","status":"publish","type":"page","link":"https:\/\/www.arhivsa.ba\/wordpress\/?page_id=134","title":{"rendered":"Kolektiv"},"content":{"rendered":"<h4>Direktor<\/h4>\n<p><strong><span style=\"color: #ff0000;\">Ismeta D\u017dIGAL-BERKOVAC<\/span><\/strong><br><em>vi\u0161i arhivist<\/em><\/p>\n<hr>\n<h4>Odsjek za op\u0107e-pravne poslove i za\u0161titu gra\u0111e izvan arhiva<\/h4>\n<p style=\"text-align: left;\"><span style=\"color: #ff0000;\"><strong>Selma MISIRA<\/strong><\/span>, rukovodilac Odsjeka, <em>sekretar<\/em><\/p>\n<p style=\"text-align: left;\"><strong>Slu\u017eba za op\u0107e-pravne poslove<\/strong><\/p>\n<p style=\"text-align: left;\"><span style=\"color: #ff0000;\">Amina MEDI\u0106, <\/span><em>arhivski tehni\u010dar<br><\/em><\/p>\n<p><span style=\"color: #ff0000;\">Arijana PA\u0160I\u0106, <span style=\"color: #333333;\"><em>\u010dista\u010dica-sprema\u010dica<\/em><\/span><\/span><\/p>\n<p><span style=\"color: #ff0000;\">Ensar RAMI\u0106, <\/span><em>doma\u0107in zgrade<\/em><\/p>\n<p><strong>Slu\u017eba za evidenciju, nadzor i za\u0161titu arhivske gra\u0111e u registraturama<\/strong><\/p>\n<p><span style=\"color: #ff0000;\">mr sci. Aleksandra PIJUK-PEJ\u010cI\u0106, <\/span><em>arhivski savjetnik<\/em><\/p>\n<p><span style=\"color: #ff0000;\">Adnan HAD\u017dIABDI\u0106, <\/span><em>arhivist&nbsp;<\/em><\/p>\n<p><span style=\"color: #ff0000;\">Amela BEDAKOVI\u0106, <em><span style=\"color: #333333;\">mla\u0111i arhivist<\/span><\/em><\/span><\/p>\n<p style=\"padding-left: 60px;\">&nbsp;<\/p>\n<hr>\n<h4>Odsjek za smje\u0161taj, kori\u0161tenje i tehni\u010dku za\u0161titu arhivske gra\u0111e i knji\u017enog fonda<\/h4>\n<p><strong><span style=\"color: #ff0000;\">Haris ZAIMOVI\u0106,<\/span><\/strong><span style=\"color: #ff0000;\"><span style=\"color: #333333;\"> rukovodilac Odsjeka<\/span><\/span><strong><span style=\"color: #ff0000;\"><br><\/span><\/strong><em>arhivski savjetnik<\/em><\/p>\n<p><span style=\"color: #ff0000;\">Sa\u0161a BELTRAM<\/span>, <em>vi\u0161i arhivist<\/em><\/p>\n<p><span style=\"color: #ff0000;\">Jasmin TUR\u010cALO, <\/span><em>arhivist<\/em><\/p>\n<p><span style=\"color: #ff0000;\">Adis HOD\u017dI\u0106, <\/span><em>arhivist<br><\/em><\/p>\n<p><span style=\"color: #ff0000;\">Indira TORLAK, <\/span><em>arhivski tehni\u010dar<\/em><\/p>\n<p><span style=\"color: #ff0000;\">Nedim FAZLI\u0106, <\/span><em>arhivski tehni\u010dar<\/em><\/p>\n<p><span style=\"color: #ff0000;\">Anesa TINJAK<\/span>, arhivski tehni\u010dar<\/p>\n<hr>\n<h4>Odsjek za sre\u0111ivanje i obradu arhivske gra\u0111e<\/h4>\n<p><span style=\"color: #ff0000;\"><strong><span style=\"color: #ff0000;\"><br>Admir NEZIROVI\u0106<\/span><\/strong>, <span style=\"color: #333333;\">rukovodilac Odsjeka<\/span><\/span><br><em>vi\u0161i arhivist<\/em><\/p>\n<p><span style=\"color: #ff0000;\">Elma DERVI\u0160BEGOVI\u0106, <\/span><em>vi\u0161i arhivist<\/em><\/p>\n<p><span style=\"color: #ff0000;\">Armin D\u017dUNUZOVI\u0106, <\/span><em>arhivist<\/em><\/p>\n<p><span style=\"color: #ff0000;\">Irma AGBABI\u0106, <\/span><em>arhivist<\/em><\/p>\n<p><span style=\"color: #ff0000;\">Adnan \u0160AP\u010cANIN, <\/span><em>arhivski tehni\u010dar<\/em><\/p>\n<p>&nbsp;<\/p>\n<hr>\n<h4>Odsjek za nau\u010dno-istra\u017eiva\u010dku i kulturno-obrazovnu djelatnost<\/h4>\n<p><span style=\"color: #ff0000;\"><strong><span style=\"color: #ff0000;\"><br>Almira ALIBA\u0160I\u0106, <\/span><\/strong><span style=\"color: #000000;\">rukovodilac Odsjeka<br><em>vi\u0161i arhivist<\/em><br><\/span><\/span><\/p>\n<p><span style=\"color: #000000;\"><span style=\"color: #ff0000;\">Velid JERLAGI\u0106, <\/span><\/span><em>arhivist&nbsp;<\/em><\/p>\n<p><span style=\"color: #ff0000;\">Adnan KALESI\u0106, <\/span><em>arhivist<\/em><\/p>\n<h1>&nbsp;<\/h1>\n<p><em>&nbsp;<\/em><\/p>\n<hr>\n<ul>\n<li><a title=\"Spisak zaposlenih od osnivanja Arhiva\" href=\"http:\/\/www.arhivsa.ba\/wordpress\/?page_id=733\">Spisak svih zaposlenih od osnivanja Arhiva<\/a><\/li>\n<li><a href=\"http:\/\/www.arhivsa.ba\/wordpress\/?page_id=2078\">Spisak svih direktora od osnivanja Arhiva<\/a><\/li>\n<\/ul>\n<p>&nbsp;<\/p>\n\n\n<p class=\"wp-block-paragraph\"><\/p>\n","protected":false},"excerpt":{"rendered":"<p>Direktor Ismeta D\u017dIGAL-BERKOVACvi\u0161i arhivist Odsjek za op\u0107e-pravne poslove i za\u0161titu gra\u0111e izvan arhiva Selma MISIRA, rukovodilac Odsjeka, sekretar Slu\u017eba za op\u0107e-pravne poslove Amina MEDI\u0106, arhivski tehni\u010dar Arijana PA\u0160I\u0106, \u010dista\u010dica-sprema\u010dica Ensar RAMI\u0106, doma\u0107in zgrade Slu\u017eba za evidenciju, nadzor i za\u0161titu arhivske gra\u0111e u registraturama mr sci. Aleksandra PIJUK-PEJ\u010cI\u0106, arhivski savjetnik Adnan HAD\u017dIABDI\u0106, arhivist&nbsp; Amela BEDAKOVI\u0106, mla\u0111i arhivist &nbsp; Odsjek za smje\u0161taj, kori\u0161tenje i tehni\u010dku za\u0161titu arhivske gra\u0111e i knji\u017enog fonda Haris ZAIMOVI\u0106, rukovodilac&#8230; <a class=\"continue-reading-link\" href=\"https:\/\/www.arhivsa.ba\/wordpress\/?page_id=134\">Vi\u0161e<\/a><\/p>\n","protected":false},"author":1,"featured_media":517,"parent":0,"menu_order":0,"comment_status":"closed","ping_status":"closed","template":"","meta":{"_uf_show_specific_survey":0,"_uf_disable_surveys":false,"ngg_post_thumbnail":0,"footnotes":""},"class_list":["post-134","page","type-page","status-publish","has-post-thumbnail","hentry"],"_links":{"self":[{"href":"https:\/\/www.arhivsa.ba\/wordpress\/index.php?rest_route=\/wp\/v2\/pages\/134","targetHints":{"allow":["GET"]}}],"collection":[{"href":"https:\/\/www.arhivsa.ba\/wordpress\/index.php?rest_route=\/wp\/v2\/pages"}],"about":[{"href":"https:\/\/www.arhivsa.ba\/wordpress\/index.php?rest_route=\/wp\/v2\/types\/page"}],"author":[{"embeddable":true,"href":"https:\/\/www.arhivsa.ba\/wordpress\/index.php?rest_route=\/wp\/v2\/users\/1"}],"replies":[{"embeddable":true,"href":"https:\/\/www.arhivsa.ba\/wordpress\/index.php?rest_route=%2Fwp%2Fv2%2Fcomments&post=134"}],"version-history":[{"count":58,"href":"https:\/\/www.arhivsa.ba\/wordpress\/index.php?rest_route=\/wp\/v2\/pages\/134\/revisions"}],"predecessor-version":[{"id":7971,"href":"https:\/\/www.arhivsa.ba\/wordpress\/index.php?rest_route=\/wp\/v2\/pages\/134\/revisions\/7971"}],"wp:featuredmedia":[{"embeddable":true,"href":"https:\/\/www.arhivsa.ba\/wordpress\/index.php?rest_route=\/wp\/v2\/media\/517"}],"wp:attachment":[{"href":"https:\/\/www.arhivsa.ba\/wordpress\/index.php?rest_route=%2Fwp%2Fv2%2Fmedia&parent=134"}],"curies":[{"name":"wp","href":"https:\/\/api.w.org\/{rel}","templated":true}]}}